{"id":7924,"date":"2021-08-18T10:37:24","date_gmt":"2021-08-18T16:37:24","guid":{"rendered":"http:\/\/eco.tritoncomunica.com\/?page_id=7924"},"modified":"2021-08-18T10:37:24","modified_gmt":"2021-08-18T16:37:24","slug":"e-blog","status":"publish","type":"page","link":"https:\/\/ecosistemas.com.gt\/en\/e-blog\/","title":{"rendered":"E-Blog"},"content":{"rendered":"<section class=\"wpb-content-wrapper\"><p>[vc_row bg_type=&#8221;&#8221; dima_canvas_style=&#8221;&#8221; translate_x=&#8221;0&#8243; dima_z_index=&#8221;0&#8243; delay=&#8221;&#8221; delay_duration=&#8221;&#8221; delay_offset=&#8221;&#8221; top_and_bottom_padding=&#8221;2%&#8221; left_and_right_padding=&#8221;&#8221; id=&#8221;&#8221; class=&#8221;&#8221; style=&#8221;&#8221;][vc_column min_height=&#8221;&#8221; bg_type=&#8221;&#8221; dima_canvas_style=&#8221;&#8221; translate_x=&#8221;0&#8243; dima_z_index=&#8221;0&#8243; delay=&#8221;&#8221; delay_duration=&#8221;&#8221; delay_offset=&#8221;&#8221; top_and_bottom_padding=&#8221;&#8221; left_and_right_padding=&#8221;&#8221; width=&#8221;1\/1&#8243;]  <div class=\"dima-timeline clearfix dima-timeline-blog boxed-blog blog-list\">\n  <div class=\"h-line\"><\/div>\n\t\t\t\t<div class=\"timeline_element_start \">\n\t\t\t\t\t\t\t\t\t<article class=\"post-8268 post type-post status-publish format-standard has-post-thumbnail hentry category-e-blog\" >\n\t\t\t\t<div class=\"post-img\">\n                        <div class=\" effect-julia\">\n                            <a href=\"https:\/\/ecosistemas.com.gt\/en\/de-la-guia-25-a-la-iso-iec-170252017\/\" class=\"entry-thumb\" title=\"Permalink to: &quot;De la Gu\u00eda 25 a la ISO\/IEC 17025:2017&quot;\"><img loading=\"lazy\" decoding=\"async\" width=\"585\" height=\"343\" src=\"https:\/\/ecosistemas.com.gt\/wp-content\/uploads\/2021\/09\/Guia01-1600px-100x71.jpg\" class=\"attachment-dima-side-post-image size-dima-side-post-image lazyload js-lazy-image wp-post-image\" alt=\"\" data-src=\"https:\/\/ecosistemas.com.gt\/wp-content\/uploads\/2021\/09\/Guia01-1600px-585x343.jpg\" data-srcset=\"https:\/\/ecosistemas.com.gt\/wp-content\/uploads\/2021\/09\/Guia01-1600px-585x343.jpg 585w, https:\/\/ecosistemas.com.gt\/wp-content\/uploads\/2021\/09\/Guia01-1600px-846x498.jpg 846w\" data-sizes=\"(max-width: 585px) 100vw, 585px\" \/><\/a>\n                        <div class=\"post-icon link_overlay\">\n                        <ul class=\"icons-media\">\n                        <li>\n                            <a href=\"https:\/\/ecosistemas.com.gt\/en\/de-la-guia-25-a-la-iso-iec-170252017\/\" title=\"Permalink to: &quot;De la Gu\u00eda 25 a la ISO\/IEC 17025:2017&quot;\">\n                                <i class=\"fa fa-link\"><\/i>\n                            <\/a>\n                        <\/li>\n                        <\/ul>  <span class=\"topaz-hover\"><\/span >\n                        <\/div >\n                        <\/div >\n                        <\/div > \t\t\n\t<div class=\"entry-content post-content text-start box-bg-color box\">\n\t\t\n<header>\n\t\t\t<h4 class=\"entry-title\">\n\t\t\t<a href=\"https:\/\/ecosistemas.com.gt\/en\/de-la-guia-25-a-la-iso-iec-170252017\/\"\n\t\t\t   title=\"Permalink to: &quot;De la Gu\u00eda 25 a la ISO\/IEC 17025:2017&quot;\">\n\t\t\t\tDe la Gu\u00eda 25 a la ISO\/IEC 17025:2017\t\t\t<\/a>\n\t\t<\/h4>\n\t<\/header>\n\t\t<p>Silvia Argueta Tejada<br \/>\nLaboratorio: Ecosistemas Proyectos Ambientales S.A.<br \/>\nLa semana pasada encontr\u00e9 la presentaci\u00f3n de un taller auspiciado por la Organizaci\u00f3n de las Naciones Unidas para la Agricultura y la Alimentaci\u00f3n ( FAO ) relacionado con la Calidad de los laboratorios.(1)<br \/>\nLa &#8230;<\/p>\n\t\t\t<\/div>\n\n<\/article>\n\t  <\/div>\n\t\t\t\t\t\t  <div class=\"timeline_element_end \">\n\t\t\t\t\t\t<article class=\"post-8259 post type-post status-publish format-standard has-post-thumbnail hentry category-e-blog\" >\n\t\t\t\t<div class=\"post-img\">\n                        <div class=\" effect-julia\">\n                            <a href=\"https:\/\/ecosistemas.com.gt\/en\/quedarnos-sin-agua\/\" class=\"entry-thumb\" title=\"Permalink to: &quot;Quedarnos sin agua&quot;\"><img loading=\"lazy\" decoding=\"async\" width=\"585\" height=\"343\" src=\"https:\/\/ecosistemas.com.gt\/wp-content\/uploads\/2021\/09\/Agua01-1600px-100x67.jpg\" class=\"attachment-dima-side-post-image size-dima-side-post-image lazyload js-lazy-image wp-post-image\" alt=\"\" data-src=\"https:\/\/ecosistemas.com.gt\/wp-content\/uploads\/2021\/09\/Agua01-1600px-585x343.jpg\" data-srcset=\"https:\/\/ecosistemas.com.gt\/wp-content\/uploads\/2021\/09\/Agua01-1600px-585x343.jpg 585w, https:\/\/ecosistemas.com.gt\/wp-content\/uploads\/2021\/09\/Agua01-1600px-846x498.jpg 846w\" data-sizes=\"(max-width: 585px) 100vw, 585px\" \/><\/a>\n                        <div class=\"post-icon link_overlay\">\n                        <ul class=\"icons-media\">\n                        <li>\n                            <a href=\"https:\/\/ecosistemas.com.gt\/en\/quedarnos-sin-agua\/\" title=\"Permalink to: &quot;Quedarnos sin agua&quot;\">\n                                <i class=\"fa fa-link\"><\/i>\n                            <\/a>\n                        <\/li>\n                        <\/ul>  <span class=\"topaz-hover\"><\/span >\n                        <\/div >\n                        <\/div >\n                        <\/div > \t\t\n\t<div class=\"entry-content post-content text-start box-bg-color box\">\n\t\t\n<header>\n\t\t\t<h4 class=\"entry-title\">\n\t\t\t<a href=\"https:\/\/ecosistemas.com.gt\/en\/quedarnos-sin-agua\/\"\n\t\t\t   title=\"Permalink to: &quot;Quedarnos sin agua&quot;\">\n\t\t\t\tQuedarnos sin agua\t\t\t<\/a>\n\t\t<\/h4>\n\t<\/header>\n\t\t<p>Ana Lucia Argueta Samayoa<br \/>\nLaboratorio Ecosistemas Proyectos Ambientales.<br \/>\nRecientemente me enter\u00e9 de un pozo de agua que de pronto, dej\u00f3 de funcionar: la bomba sumergible se quem\u00f3. Al indagar, los expertos, nos dicen que el nivel de agua baj\u00f3 y ello &#8230;<\/p>\n\t\t\t<\/div>\n\n<\/article>\n\t  <\/div>\n\t\t\t\t\t\t<div class=\"timeline_element_start \">\n\t\t\t\t\t\t\t\t\t<article class=\"post-8250 post type-post status-publish format-standard has-post-thumbnail hentry category-e-blog\" >\n\t\t\t\t<div class=\"post-img\">\n                        <div class=\" effect-julia\">\n                            <a href=\"https:\/\/ecosistemas.com.gt\/en\/los-efectos-de-los-volcanes-en-la-quimica-atmosferica\/\" class=\"entry-thumb\" title=\"Permalink to: &quot;Los efectos de los volcanes en la qu\u00edmica atmosf\u00e9rica&quot;\"><img loading=\"lazy\" decoding=\"async\" width=\"585\" height=\"343\" src=\"https:\/\/ecosistemas.com.gt\/wp-content\/uploads\/2021\/09\/Volcanes01-1600px-100x67.jpg\" class=\"attachment-dima-side-post-image size-dima-side-post-image lazyload js-lazy-image wp-post-image\" alt=\"\" data-src=\"https:\/\/ecosistemas.com.gt\/wp-content\/uploads\/2021\/09\/Volcanes01-1600px-585x343.jpg\" data-srcset=\"https:\/\/ecosistemas.com.gt\/wp-content\/uploads\/2021\/09\/Volcanes01-1600px-585x343.jpg 585w, https:\/\/ecosistemas.com.gt\/wp-content\/uploads\/2021\/09\/Volcanes01-1600px-846x498.jpg 846w\" data-sizes=\"(max-width: 585px) 100vw, 585px\" \/><\/a>\n                        <div class=\"post-icon link_overlay\">\n                        <ul class=\"icons-media\">\n                        <li>\n                            <a href=\"https:\/\/ecosistemas.com.gt\/en\/los-efectos-de-los-volcanes-en-la-quimica-atmosferica\/\" title=\"Permalink to: &quot;Los efectos de los volcanes en la qu\u00edmica atmosf\u00e9rica&quot;\">\n                                <i class=\"fa fa-link\"><\/i>\n                            <\/a>\n                        <\/li>\n                        <\/ul>  <span class=\"topaz-hover\"><\/span >\n                        <\/div >\n                        <\/div >\n                        <\/div > \t\t\n\t<div class=\"entry-content post-content text-start box-bg-color box\">\n\t\t\n<header>\n\t\t\t<h4 class=\"entry-title\">\n\t\t\t<a href=\"https:\/\/ecosistemas.com.gt\/en\/los-efectos-de-los-volcanes-en-la-quimica-atmosferica\/\"\n\t\t\t   title=\"Permalink to: &quot;Los efectos de los volcanes en la qu\u00edmica atmosf\u00e9rica&quot;\">\n\t\t\t\tLos efectos de los volcanes en la qu\u00edmica atmosf\u00e9rica\t\t\t<\/a>\n\t\t<\/h4>\n\t<\/header>\n\t\t<p>William Quiroa<br \/>\nEcosistemas Proyectos Ambientales S.A.<br \/>\nLa atmosfera se considera un sistema qu\u00edmico oxidante, debido a la presencia de las diversas formas de ox\u00edgeno (O2, O3, entre otros). En comparaci\u00f3n el ambiente volc\u00e1nico tiene niveles de ox\u00edgeno bajo, Esto implica que &#8230;<\/p>\n\t\t\t<\/div>\n\n<\/article>\n\t  <\/div>\n\t\t\t\t\t\t  <div class=\"timeline_element_end \">\n\t\t\t\t\t\t<article class=\"post-8233 post type-post status-publish format-standard has-post-thumbnail hentry category-e-blog\" >\n\t\t\t\t<div class=\"post-img\">\n                        <div class=\" effect-julia\">\n                            <a href=\"https:\/\/ecosistemas.com.gt\/en\/el-arsenico-y-nuestra-salud\/\" class=\"entry-thumb\" title=\"Permalink to: &quot;El ars\u00e9nico y nuestra salud&quot;\"><img loading=\"lazy\" decoding=\"async\" width=\"585\" height=\"343\" src=\"https:\/\/ecosistemas.com.gt\/wp-content\/uploads\/2021\/09\/Arsenico01-1600px-100x76.jpg\" class=\"attachment-dima-side-post-image size-dima-side-post-image lazyload js-lazy-image wp-post-image\" alt=\"\" data-src=\"https:\/\/ecosistemas.com.gt\/wp-content\/uploads\/2021\/09\/Arsenico01-1600px-585x343.jpg\" data-srcset=\"https:\/\/ecosistemas.com.gt\/wp-content\/uploads\/2021\/09\/Arsenico01-1600px-585x343.jpg 585w, https:\/\/ecosistemas.com.gt\/wp-content\/uploads\/2021\/09\/Arsenico01-1600px-846x498.jpg 846w\" data-sizes=\"(max-width: 585px) 100vw, 585px\" \/><\/a>\n                        <div class=\"post-icon link_overlay\">\n                        <ul class=\"icons-media\">\n                        <li>\n                            <a href=\"https:\/\/ecosistemas.com.gt\/en\/el-arsenico-y-nuestra-salud\/\" title=\"Permalink to: &quot;El ars\u00e9nico y nuestra salud&quot;\">\n                                <i class=\"fa fa-link\"><\/i>\n                            <\/a>\n                        <\/li>\n                        <\/ul>  <span class=\"topaz-hover\"><\/span >\n                        <\/div >\n                        <\/div >\n                        <\/div > \t\t\n\t<div class=\"entry-content post-content text-start box-bg-color box\">\n\t\t\n<header>\n\t\t\t<h4 class=\"entry-title\">\n\t\t\t<a href=\"https:\/\/ecosistemas.com.gt\/en\/el-arsenico-y-nuestra-salud\/\"\n\t\t\t   title=\"Permalink to: &quot;El ars\u00e9nico y nuestra salud&quot;\">\n\t\t\t\tEl ars\u00e9nico y nuestra salud\t\t\t<\/a>\n\t\t<\/h4>\n\t<\/header>\n\t\t<p>Silvia Argueta Tejada<br \/>\nLaboratorio Ecosistemas Proyectos Ambientales S.A.<br \/>\nMucho se ha escrito sobre el Ars\u00e9nico (As.) desde tiempos antiguos. En Grecia y Roma se tiene informaci\u00f3n tanto sobre sus usos medicinales como aquellos para el exterminio de plagas.<br \/>\nLa sola menci\u00f3n del &#8230;<\/p>\n\t\t\t<\/div>\n\n<\/article>\n\t  <\/div>\n\t\t\t\t\t\t<div class=\"timeline_element_start \">\n\t\t\t\t\t\t\t\t\t<article class=\"post-8199 post type-post status-publish format-standard has-post-thumbnail hentry category-e-blog\" >\n\t\t\t\t<div class=\"post-img\">\n                        <div class=\" effect-julia\">\n                            <a href=\"https:\/\/ecosistemas.com.gt\/en\/silicio-el-escudo-natural-que-aporta-tu-suelo\/\" class=\"entry-thumb\" title=\"Permalink to: &quot;Silicio, el escudo natural que aporta tu suelo&quot;\"><img loading=\"lazy\" decoding=\"async\" width=\"585\" height=\"343\" src=\"https:\/\/ecosistemas.com.gt\/wp-content\/uploads\/2021\/09\/Silicio01-1600px-100x67.jpg\" class=\"attachment-dima-side-post-image size-dima-side-post-image lazyload js-lazy-image wp-post-image\" alt=\"\" data-src=\"https:\/\/ecosistemas.com.gt\/wp-content\/uploads\/2021\/09\/Silicio01-1600px-585x343.jpg\" data-srcset=\"https:\/\/ecosistemas.com.gt\/wp-content\/uploads\/2021\/09\/Silicio01-1600px-585x343.jpg 585w, https:\/\/ecosistemas.com.gt\/wp-content\/uploads\/2021\/09\/Silicio01-1600px-846x498.jpg 846w\" data-sizes=\"(max-width: 585px) 100vw, 585px\" \/><\/a>\n                        <div class=\"post-icon link_overlay\">\n                        <ul class=\"icons-media\">\n                        <li>\n                            <a href=\"https:\/\/ecosistemas.com.gt\/en\/silicio-el-escudo-natural-que-aporta-tu-suelo\/\" title=\"Permalink to: &quot;Silicio, el escudo natural que aporta tu suelo&quot;\">\n                                <i class=\"fa fa-link\"><\/i>\n                            <\/a>\n                        <\/li>\n                        <\/ul>  <span class=\"topaz-hover\"><\/span >\n                        <\/div >\n                        <\/div >\n                        <\/div > \t\t\n\t<div class=\"entry-content post-content text-start box-bg-color box\">\n\t\t\n<header>\n\t\t\t<h4 class=\"entry-title\">\n\t\t\t<a href=\"https:\/\/ecosistemas.com.gt\/en\/silicio-el-escudo-natural-que-aporta-tu-suelo\/\"\n\t\t\t   title=\"Permalink to: &quot;Silicio, el escudo natural que aporta tu suelo&quot;\">\n\t\t\t\tSilicio, el escudo natural que aporta tu suelo\t\t\t<\/a>\n\t\t<\/h4>\n\t<\/header>\n\t\t<p>Juventino Lima Donis<br \/>\nLaboratorio: Ecosistemas Proyectos Ambientales S. A.<br \/>\nLa protecci\u00f3n del sistema de produccion es de vital importancia en el proceso de generar bienes y servicios. En la actualidad factores como la expansi\u00f3n de \u00e1reas de producci\u00f3n agr\u00edcola y el &#8230;<\/p>\n\t\t\t<\/div>\n\n<\/article>\n\t  <\/div>\n\t\t\t\t\t\t  <div class=\"timeline_element_end \">\n\t\t\t\t\t\t<article class=\"post-8291 post type-post status-publish format-standard has-post-thumbnail hentry category-e-blog\" >\n\t\t\t\t<div class=\"post-img\">\n                        <div class=\" effect-julia\">\n                            <a href=\"https:\/\/ecosistemas.com.gt\/en\/importancia-de-la-seleccion-de-un-laboratorio_acreditado\/\" class=\"entry-thumb\" title=\"Permalink to: &quot;Importancia de la selecci\u00f3n de un laboratorio acreditado&quot;\"><img loading=\"lazy\" decoding=\"async\" width=\"585\" height=\"343\" src=\"https:\/\/ecosistemas.com.gt\/wp-content\/uploads\/2021\/09\/Calidad01-1600px-100x56.jpg\" class=\"attachment-dima-side-post-image size-dima-side-post-image lazyload js-lazy-image wp-post-image\" alt=\"\" data-src=\"https:\/\/ecosistemas.com.gt\/wp-content\/uploads\/2021\/09\/Calidad01-1600px-585x343.jpg\" data-srcset=\"https:\/\/ecosistemas.com.gt\/wp-content\/uploads\/2021\/09\/Calidad01-1600px-585x343.jpg 585w, https:\/\/ecosistemas.com.gt\/wp-content\/uploads\/2021\/09\/Calidad01-1600px-846x498.jpg 846w\" data-sizes=\"(max-width: 585px) 100vw, 585px\" \/><\/a>\n                        <div class=\"post-icon link_overlay\">\n                        <ul class=\"icons-media\">\n                        <li>\n                            <a href=\"https:\/\/ecosistemas.com.gt\/en\/importancia-de-la-seleccion-de-un-laboratorio_acreditado\/\" title=\"Permalink to: &quot;Importancia de la selecci\u00f3n de un laboratorio acreditado&quot;\">\n                                <i class=\"fa fa-link\"><\/i>\n                            <\/a>\n                        <\/li>\n                        <\/ul>  <span class=\"topaz-hover\"><\/span >\n                        <\/div >\n                        <\/div >\n                        <\/div > \t\t\n\t<div class=\"entry-content post-content text-start box-bg-color box\">\n\t\t\n<header>\n\t\t\t<h4 class=\"entry-title\">\n\t\t\t<a href=\"https:\/\/ecosistemas.com.gt\/en\/importancia-de-la-seleccion-de-un-laboratorio_acreditado\/\"\n\t\t\t   title=\"Permalink to: &quot;Importancia de la selecci\u00f3n de un laboratorio acreditado&quot;\">\n\t\t\t\tImportancia de la selecci\u00f3n de un laboratorio acreditado\t\t\t<\/a>\n\t\t<\/h4>\n\t<\/header>\n\t\t<p>Luis Fernando Fuentes<br \/>\nEcosistemas Proyectos Ambientales S. A.<br \/>\nExiste una gran variedad de Laboratorios dentro del mercado nacional que ofrecen servicios de an\u00e1lisis en distintas ramas o categor\u00edas como pueden ser: an\u00e1lisis biol\u00f3gicos, fisicoqu\u00edmicos, calibraciones, industriales, etc,; cada uno de ellos &#8230;<\/p>\n\t\t\t<\/div>\n\n<\/article>\n\t  <\/div>\n\t\t\t\t\t\t<div class=\"timeline_element_start \">\n\t\t\t\t\t\t\t\t\t<article class=\"post-8165 post type-post status-publish format-standard has-post-thumbnail hentry category-e-blog\" >\n\t\t\t\t<div class=\"post-img\">\n                        <div class=\" effect-julia\">\n                            <a href=\"https:\/\/ecosistemas.com.gt\/en\/impacto-del-covid-19-en-la-calidad-de-aire-durante-la-epoca-de-cuarentena-en-cuatro-paises-del-mundo\/\" class=\"entry-thumb\" title=\"Permalink to: &quot;Impacto del Covid-19 en la calidad de aire durante la \u00e9poca de cuarentena en cuatro pa\u00edses del mundo&quot;\"><img loading=\"lazy\" decoding=\"async\" width=\"585\" height=\"343\" src=\"https:\/\/ecosistemas.com.gt\/wp-content\/uploads\/2021\/09\/Aire01-1600px-100x56.jpg\" class=\"attachment-dima-side-post-image size-dima-side-post-image lazyload js-lazy-image wp-post-image\" alt=\"\" data-src=\"https:\/\/ecosistemas.com.gt\/wp-content\/uploads\/2021\/09\/Aire01-1600px-585x343.jpg\" data-srcset=\"https:\/\/ecosistemas.com.gt\/wp-content\/uploads\/2021\/09\/Aire01-1600px-585x343.jpg 585w, https:\/\/ecosistemas.com.gt\/wp-content\/uploads\/2021\/09\/Aire01-1600px-846x498.jpg 846w\" data-sizes=\"(max-width: 585px) 100vw, 585px\" \/><\/a>\n                        <div class=\"post-icon link_overlay\">\n                        <ul class=\"icons-media\">\n                        <li>\n                            <a href=\"https:\/\/ecosistemas.com.gt\/en\/impacto-del-covid-19-en-la-calidad-de-aire-durante-la-epoca-de-cuarentena-en-cuatro-paises-del-mundo\/\" title=\"Permalink to: &quot;Impacto del Covid-19 en la calidad de aire durante la \u00e9poca de cuarentena en cuatro pa\u00edses del mundo&quot;\">\n                                <i class=\"fa fa-link\"><\/i>\n                            <\/a>\n                        <\/li>\n                        <\/ul>  <span class=\"topaz-hover\"><\/span >\n                        <\/div >\n                        <\/div >\n                        <\/div > \t\t\n\t<div class=\"entry-content post-content text-start box-bg-color box\">\n\t\t\n<header>\n\t\t\t<h4 class=\"entry-title\">\n\t\t\t<a href=\"https:\/\/ecosistemas.com.gt\/en\/impacto-del-covid-19-en-la-calidad-de-aire-durante-la-epoca-de-cuarentena-en-cuatro-paises-del-mundo\/\"\n\t\t\t   title=\"Permalink to: &quot;Impacto del Covid-19 en la calidad de aire durante la \u00e9poca de cuarentena en cuatro pa\u00edses del mundo&quot;\">\n\t\t\t\tImpacto del Covid-19 en la calidad de aire durante la \u00e9poca de cuarentena en cuatro pa\u00edses del mundo\t\t\t<\/a>\n\t\t<\/h4>\n\t<\/header>\n\t\t<p>William Quiroa<br \/>\nEcosistemas Proyectos Ambientales S.A.<br \/>\nEl 31 de Diciembre del 2019 se reportaron los primeros casos de una nueva enfermedad en China, seg\u00fan la Organizaci\u00f3n Mundial de la Salud (OMS), el cual produc\u00eda una neumon\u00eda at\u00edpica entre sus habitantes. En &#8230;<\/p>\n\t\t\t<\/div>\n\n<\/article>\n\t  <\/div>\n\t\t\t\t\t  <\/div>\n\t\t\t[\/vc_column][\/vc_row]<\/p>\n<\/section>","protected":false},"excerpt":{"rendered":"<p>[vc_row bg_type=&#8221;&#8221; dima_canvas_style=&#8221;&#8221; translate_x=&#8221;0&#8243; dima_z_index=&#8221;0&#8243; delay=&#8221;&#8221; delay_duration=&#8221;&#8221; delay_offset=&#8221;&#8221; top_and_bottom_padding=&#8221;2%&#8221; left_and_right_padding=&#8221;&#8221; id=&#8221;&#8221; class=&#8221;&#8221; style=&#8221;&#8221;][vc_column min_height=&#8221;&#8221; bg_type=&#8221;&#8221; dima_canvas_style=&#8221;&#8221; translate_x=&#8221;0&#8243; dima_z_index=&#8221;0&#8243; delay=&#8221;&#8221; delay_duration=&#8221;&#8221; delay_offset=&#8221;&#8221; top_and_bottom_padding=&#8221;&#8221; left_and_right_padding=&#8221;&#8221; width=&#8221;1\/1&#8243;][\/vc_column][\/vc_row]<\/p>\n","protected":false},"author":2,"featured_media":0,"parent":0,"menu_order":0,"comment_status":"closed","ping_status":"closed","template":"","meta":{"footnotes":""},"class_list":["post-7924","page","type-page","status-publish","hentry","has-post-thumbnail"],"aioseo_notices":[],"_links":{"self":[{"href":"https:\/\/ecosistemas.com.gt\/en\/wp-json\/wp\/v2\/pages\/7924","targetHints":{"allow":["GET"]}}],"collection":[{"href":"https:\/\/ecosistemas.com.gt\/en\/wp-json\/wp\/v2\/pages"}],"about":[{"href":"https:\/\/ecosistemas.com.gt\/en\/wp-json\/wp\/v2\/types\/page"}],"author":[{"embeddable":true,"href":"https:\/\/ecosistemas.com.gt\/en\/wp-json\/wp\/v2\/users\/2"}],"replies":[{"embeddable":true,"href":"https:\/\/ecosistemas.com.gt\/en\/wp-json\/wp\/v2\/comments?post=7924"}],"version-history":[{"count":1,"href":"https:\/\/ecosistemas.com.gt\/en\/wp-json\/wp\/v2\/pages\/7924\/revisions"}],"predecessor-version":[{"id":7925,"href":"https:\/\/ecosistemas.com.gt\/en\/wp-json\/wp\/v2\/pages\/7924\/revisions\/7925"}],"wp:attachment":[{"href":"https:\/\/ecosistemas.com.gt\/en\/wp-json\/wp\/v2\/media?parent=7924"}],"curies":[{"name":"wp","href":"https:\/\/api.w.org\/{rel}","templated":true}]}}